{"id":28661,"date":"2025-01-22T21:05:22","date_gmt":"2025-01-22T21:05:22","guid":{"rendered":"https:\/\/eduprofil.com\/?post_type=job_listing&#038;p=28661"},"modified":"2025-02-08T00:24:31","modified_gmt":"2025-02-08T00:24:31","slug":"professeure-dhistoire-geographie-immediate","status":"expired","type":"job_listing","link":"https:\/\/eduprofil.com\/fr\/?post_type=job_listing&p=28661","title":{"rendered":"Professeur(e) d\u2019histoire-g\u00e9ographie (Imm\u00e9diate)"},"content":{"rendered":"<p>Nom de l\u2019\u00e9tablissement : Lyc\u00e9e Fran\u00e7ais International Andr\u00e9 Malraux<\/p>\n<p>Nature du contrat : Contrat local sans d\u00e9tachement<\/p>\n<p>Candidatures des personnels non titulaires du minist\u00e8re fran\u00e7ais de l\u2019\u00e9ducation nationale \u00e9tudi\u00e9es : Oui<\/p>\n<p>Date de prise de poste :<strong> Imm\u00e9diate<\/strong><\/p>\n<p><strong>Contenu de l\u2019offre :<\/strong><\/p>\n<p>Le Lyc\u00e9e Fran\u00e7ais International Andr\u00e9 Malraux recrute en urgence un(e) professeur(e) rempla\u00e7ant(e) d\u2019Histoire-G\u00e9ographie.<\/p>\n<p><strong>D\u00e9finition du poste :<\/strong><\/p>\n<p>Le Lyc\u00e9e Fran\u00e7ais International Andr\u00e9 Malraux (LFIAM) de Rabat appartient au r\u00e9seau d\u2019enseignement fran\u00e7ais \u00e0 l\u2019\u00e9tranger MLF\/OSUI. Il scolarise, sur un monosite au c\u0153ur de Rabat, 2000 \u00e9l\u00e8ves de la maternelle \u00e0 la terminale, dont 1200 \u00e9l\u00e8ves dans le secondaire. Le LFIAM propose \u00e0 ses \u00e9l\u00e8ves et \u00e0 leurs familles :<\/p>\n<ul>\n<li>Un mod\u00e8le p\u00e9dagogique d\u2019excellence, reposant entre autres sur le plurilinguisme et l\u2019offre diversifi\u00e9e des enseignements de sp\u00e9cialit\u00e9.<\/li>\n<li>Des poursuites d\u2019\u00e9tudes prestigieuses en France et \u00e0 l\u2019international.<\/li>\n<li>Un cadre de vie favorisant l\u2019\u00e9panouissement des \u00e9l\u00e8ves (campus sportif, m\u00e9diath\u00e8que, auditorium, vie associative).<\/li>\n<li>Un accompagnement de chaque \u00e9l\u00e8ve dans son cursus scolaire.<\/li>\n<\/ul>\n<p><strong>Profil recherch\u00e9 :<\/strong><\/p>\n<ul>\n<li>Le ou la professeur(e) d\u2019histoire-g\u00e9ographie pourra \u00eatre amen\u00e9(e) \u00e0 enseigner au coll\u00e8ge et au lyc\u00e9e, y compris en enseignement de sp\u00e9cialit\u00e9.<\/li>\n<li>Parfaite maitrise de la langue fran\u00e7aise (langue maternelle) ;<\/li>\n<li>Ma\u00eetrise de l\u2019organisation et de la gestion de classe pour installer les conditions permettant de susciter l\u2019int\u00e9r\u00eat et la mise en activit\u00e9 des \u00e9l\u00e8ves ;<\/li>\n<li>Connaissance des programmes et r\u00e9f\u00e9rentiels de l\u2019enseignement fran\u00e7ais pour leur mise en \u0153uvre dans des situations d\u2019apprentissage ;<\/li>\n<li>Capacit\u00e9 \u00e0 concevoir et mettre en \u0153uvre les modalit\u00e9s d\u2019\u00e9valuation des acquis des \u00e9l\u00e8ves ;<\/li>\n<li>Capacit\u00e9 au travail en \u00e9quipe et \u00e0 l\u2019\u00e9change de pratiques ;<\/li>\n<li>Ma\u00eetrise des technologies de l\u2019information et de la communication au service des apprentissages ;<\/li>\n<li>Capacit\u00e9 et volont\u00e9 d\u2019animer des projets p\u00e9dagogiques innovants et propices \u00e0 la motivation des \u00e9l\u00e8ves dans le cadre du projet d\u2019\u00e9tablissement ;<\/li>\n<li>Capacit\u00e9 d\u2019adaptation au contexte interculturel ;<\/li>\n<li>Exp\u00e9rience de l\u2019enseignement (une exp\u00e9rience dans le syst\u00e8me fran\u00e7ais sera privil\u00e9gi\u00e9e)<\/li>\n<\/ul>\n<div class=\"flex-1 overflow-hidden @container\/thread\">\n<div class=\"h-full\">\n<div class=\"react-scroll-to-bottom--css-rbhrg-79elbk h-full\">\n<div class=\"react-scroll-to-bottom--css-rbhrg-1n7m0yu\">\n<div class=\"flex flex-col text-sm\">\n<article class=\"w-full scroll-mb-[var(--thread-trailing-height,150px)] text-token-text-primary focus-visible:outline-2 focus-visible:outline-offset-[-4px]\" dir=\"auto\" data-testid=\"conversation-turn-11\" data-scroll-anchor=\"true\">\n<div class=\"m-auto text-base py-[18px] px-3 md:px-4 w-full md:px-5 lg:px-4 xl:px-5\">\n<div class=\"mx-auto flex flex-1 gap-4 text-base md:gap-5 lg:gap-6 md:max-w-3xl\">\n<div class=\"group\/conversation-turn relative flex w-full min-w-0 flex-col agent-turn\">\n<div class=\"flex-col gap-1 md:gap-3\">\n<div class=\"flex max-w-full flex-col flex-grow\">\n<div class=\"min-h-8 text-message flex w-full flex-col items-end gap-2 whitespace-normal break-words text-start [.text-message+&amp;]:mt-5\" dir=\"auto\" data-message-author-role=\"assistant\" data-message-id=\"7e45aa8a-4052-4dbc-bc38-2bcdedf08606\" data-message-model-slug=\"gpt-4o-mini\">\n<div class=\"flex w-full flex-col gap-1 empty:hidden first:pt-[3px]\">\n<div class=\"markdown prose w-full break-words dark:prose-invert light\">\n<p>Rejoignez une \u00e9quipe engag\u00e9e et participez \u00e0 l&#8217;\u00e9ducation d&#8217;une nouvelle g\u00e9n\u00e9ration d&#8217;\u00e9l\u00e8ves !<\/p>\n<\/div>\n<\/div>\n<\/div>\n<\/div>\n<div class=\"mb-2 flex gap-3 empty:hidden -ml-2\">\n<div class=\"items-center justify-start rounded-xl p-1 flex\">\n<div class=\"flex items-center\"><\/div>\n<\/div>\n<\/div>\n<\/div>\n<\/div>\n<\/div>\n<\/div>\n<\/article>\n<\/div>\n<\/div>\n<\/div>\n<\/div>\n<\/div>","protected":false},"excerpt":{"rendered":"<p>Nom de l\u2019\u00e9tablissement : Lyc\u00e9e Fran\u00e7ais International Andr\u00e9 Malraux Nature du contrat : Contrat local sans d\u00e9tachement Candidatures des personnels non titulaires du minist\u00e8re fran\u00e7ais de l\u2019\u00e9ducation nationale \u00e9tudi\u00e9es :&#8230;<\/p>","protected":false},"author":2535,"featured_media":0,"template":"","meta":{"content-type":"","_themeisle_gutenberg_block_has_review":false,"_promoted":"","_job_location":"Rabat","_application":"rh.rabat.malraux@mlfmonde.org","_company_name":"","_company_website":"","_company_tagline":"","_company_twitter":"","_company_video":"","_filled":0,"_featured":0,"_remote_position":0,"_job_salary":"","_job_salary_currency":"","_job_salary_unit":"","_apply_link":"","_hide_expiration":"0","_company_facebook":""},"job_listing_region":[143],"job-categories":[81],"job-types":[2],"job_listing_tag":[],"class_list":{"0":"post-28661","1":"job_listing","2":"type-job_listing","3":"status-expired","4":"hentry","5":"job_listing_region-rabat-sale-kenitra","6":"job_listing_category-teaching-humanities","7":"job_listing_type-full-time","9":"job-type-full-time"},"acf":[],"_links":{"self":[{"href":"https:\/\/eduprofil.com\/fr\/wp-json\/wp\/v2\/job-listings\/28661","targetHints":{"allow":["GET"]}}],"collection":[{"href":"https:\/\/eduprofil.com\/fr\/wp-json\/wp\/v2\/job-listings"}],"about":[{"href":"https:\/\/eduprofil.com\/fr\/wp-json\/wp\/v2\/types\/job_listing"}],"author":[{"embeddable":true,"href":"https:\/\/eduprofil.com\/fr\/wp-json\/wp\/v2\/users\/2535"}],"wp:attachment":[{"href":"https:\/\/eduprofil.com\/fr\/wp-json\/wp\/v2\/media?parent=28661"}],"wp:term":[{"taxonomy":"job_listing_region","embeddable":true,"href":"https:\/\/eduprofil.com\/fr\/wp-json\/wp\/v2\/job_listing_region?post=28661"},{"taxonomy":"job_listing_category","embeddable":true,"href":"https:\/\/eduprofil.com\/fr\/wp-json\/wp\/v2\/job-categories?post=28661"},{"taxonomy":"job_listing_type","embeddable":true,"href":"https:\/\/eduprofil.com\/fr\/wp-json\/wp\/v2\/job-types?post=28661"},{"taxonomy":"job_listing_tag","embeddable":true,"href":"https:\/\/eduprofil.com\/fr\/wp-json\/wp\/v2\/job_listing_tag?post=28661"}],"curies":[{"name":"wp","href":"https:\/\/api.w.org\/{rel}","templated":true}]}}